{"id":1400,"date":"2025-08-17T08:51:14","date_gmt":"2025-08-17T08:51:14","guid":{"rendered":"https:\/\/cumhuriyetveistiklalpartisi.org\/?page_id=1400"},"modified":"2025-08-17T12:04:57","modified_gmt":"2025-08-17T12:04:57","slug":"su-politikasi","status":"publish","type":"page","link":"https:\/\/cumhuriyetveistiklalpartisi.org\/?page_id=1400","title":{"rendered":"Su Politikas\u0131"},"content":{"rendered":"\n<p>\u00dclkemiz g\u00fcn\u00fcm\u00fczde su fakiri \u00fclkeler aras\u0131ndad\u0131r. De\u011fi\u015fen iklim ko\u015fullar\u0131 ile birlikte gelecekte akdeniz b\u00f6lgesinin \u00e7\u00f6lle\u015febilece\u011fi ihtimaller aras\u0131ndad\u0131r. B\u00fcy\u00fck\u015fehirlerde halk\u0131n ya\u015fay\u0131\u015f\u0131n\u0131 s\u00fcrd\u00fcrebilmesi i\u00e7in mutlak su temine ihtiya\u00e7 duyulmaktad\u0131r. bunun i\u00e7in enerji politikas\u0131 ile \u00fcretilmi\u015f elektri\u011fin su \u00fcretiminde kullan\u0131lmas\u0131 gerekmektedir. deniz suyunun ar\u0131t\u0131lmas\u0131 faydas\u0131ndan \u00e7ok zarar\u0131 bulunmaktad\u0131r. termodinamik yada ters ozmoz ile y\u00fcksek tuz oran\u0131na sahip at\u0131k suyun bertaraf\u0131 ekolojik dengeyi daha fazla bozaca\u011f\u0131ndan ileri vadede faydadan \u00e7ok zarar\u0131 bulunmaktad\u0131r. bu nedenle termodinami\u011fin bi de\u011fi\u015fik modeli ile havadaki nemin yo\u011funla\u015ft\u0131r\u0131lmas\u0131 ile 30ppm sertlikte su \u00fcretilmesi gerekmektedir. bu y\u00f6ntemi yapraklardan s\u0131v\u0131 ihritac\u0131n\u0131 kar\u015f\u0131layan zeytin veya palmiye bitkisini \u00f6rnek g\u00f6sterebiliriz. ancak end\u00fcstriyel \u00fcretime katk\u0131 sa\u011flayacak bireysel meskende su \u00fcretenlere elektrik faturas\u0131na %10 daha ek iskonto uygulanaca\u011f\u0131n\u0131 taahh\u00fct ederiz. suyun saklanmas\u0131 i\u00e7in i\u00e7me suyuna uygun \u00e7ift komponentli izolasyon harc\u0131 ile depo uygulamas\u0131 yada GRP depo olarak adland\u0131r\u0131lan cam elyaf\u0131ndan imal depolar tesis etmeliyiz. imar y\u00f6netmeli\u011fine yap\u0131lacak de\u011fi\u015fiklikle yeni binalar\u0131n tesisinde gereksinimler zorunlu tutulmal\u0131d\u0131r. <\/p>\n","protected":false},"excerpt":{"rendered":"<p>\u00dclkemiz g\u00fcn\u00fcm\u00fczde su fakiri \u00fclkeler aras\u0131ndad\u0131r. De\u011fi\u015fen iklim ko\u015fullar\u0131 ile birlikte gelecekte akdeniz b\u00f6lgesinin \u00e7\u00f6lle\u015febilece\u011fi ihtimaller aras\u0131ndad\u0131r. B\u00fcy\u00fck\u015fehirlerde halk\u0131n ya\u015fay\u0131\u015f\u0131n\u0131 s\u00fcrd\u00fcrebilmesi i\u00e7in mutlak su temine ihtiya\u00e7 duyulmaktad\u0131r. bunun i\u00e7in enerji politikas\u0131 ile \u00fcretilmi\u015f elektri\u011fin su \u00fcretiminde kullan\u0131lmas\u0131 gerekmektedir. deniz suyunun ar\u0131t\u0131lmas\u0131 faydas\u0131ndan \u00e7ok zarar\u0131 bulunmaktad\u0131r. termodinamik yada ters ozmoz ile y\u00fcksek tuz oran\u0131na sahip at\u0131k [&hellip;]<\/p>\n","protected":false},"author":1,"featured_media":0,"parent":0,"menu_order":0,"comment_status":"closed","ping_status":"closed","template":"","meta":{"footnotes":""},"class_list":["post-1400","page","type-page","status-publish","hentry"],"_links":{"self":[{"href":"https:\/\/cumhuriyetveistiklalpartisi.org\/index.php?rest_route=\/wp\/v2\/pages\/1400","targetHints":{"allow":["GET"]}}],"collection":[{"href":"https:\/\/cumhuriyetveistiklalpartisi.org\/index.php?rest_route=\/wp\/v2\/pages"}],"about":[{"href":"https:\/\/cumhuriyetveistiklalpartisi.org\/index.php?rest_route=\/wp\/v2\/types\/page"}],"author":[{"embeddable":true,"href":"https:\/\/cumhuriyetveistiklalpartisi.org\/index.php?rest_route=\/wp\/v2\/users\/1"}],"replies":[{"embeddable":true,"href":"https:\/\/cumhuriyetveistiklalpartisi.org\/index.php?rest_route=%2Fwp%2Fv2%2Fcomments&post=1400"}],"version-history":[{"count":6,"href":"https:\/\/cumhuriyetveistiklalpartisi.org\/index.php?rest_route=\/wp\/v2\/pages\/1400\/revisions"}],"predecessor-version":[{"id":1498,"href":"https:\/\/cumhuriyetveistiklalpartisi.org\/index.php?rest_route=\/wp\/v2\/pages\/1400\/revisions\/1498"}],"wp:attachment":[{"href":"https:\/\/cumhuriyetveistiklalpartisi.org\/index.php?rest_route=%2Fwp%2Fv2%2Fmedia&parent=1400"}],"curies":[{"name":"wp","href":"https:\/\/api.w.org\/{rel}","templated":true}]}}