{"id":1403,"date":"2025-08-17T09:10:39","date_gmt":"2025-08-17T09:10:39","guid":{"rendered":"https:\/\/cumhuriyetveistiklalpartisi.org\/?page_id=1403"},"modified":"2025-08-17T18:04:11","modified_gmt":"2025-08-17T18:04:11","slug":"egitim-politikasi","status":"publish","type":"page","link":"https:\/\/cumhuriyetveistiklalpartisi.org\/?page_id=1403","title":{"rendered":"E\u011fitim Politikas\u0131"},"content":{"rendered":"\n<p>Sistemin Hizmet Verenleri ayn\u0131 zamanda denetleyicisi olamaz. ilk okul dahil s\u0131navlar il ve il\u00e7e milli e\u011fitim m\u00fcd\u00fcrl\u00fcklerince yap\u0131lacakt\u0131r. ger\u00e7ek e\u011fitimcileri topluma kazand\u0131rmak amac\u0131yla yap\u0131lacak bu seleksiyon y\u00f6ntemi ile ba\u015far\u0131l\u0131 \u00f6\u011fretmenler ba\u015f \u00f6\u011fretmen olacakt\u0131r. okul M\u00fcd\u00fcrleri okul y\u00f6netiminden do\u011frudan sorumlu olup \u00f6\u011fretmen i\u015fe al\u0131mlar\u0131nda tam yetikilidirler. okul ba\u015far\u0131 puan\u0131na g\u00f6re maa\u015f ve k\u0131dem hesaplamas\u0131 yap\u0131lacakt\u0131r. \u00f6\u011fretmenler bulduklar\u0131 s\u00fcper zeka \u00f6\u011frenciler i\u00e7in 3 maa\u015f ikramiyeye hak kazanacakt\u0131r. 3 d\u00f6nem boyunca s\u0131navlardan d\u00fc\u015f\u00fck not olan s\u0131n\u0131f \u00f6\u011fretmenlerinin memuriyeti son bulur. bir ulus in\u015fa edece\u011fimizden hataya yer olmamas\u0131 gerekmektedir. 2012 y\u0131l\u0131ndan bu yana m\u00fcfetti\u015fler \u00f6\u011fretmenleri denetlemesi y\u00fcr\u00fcrl\u00fcl\u00fckten kald\u0131r\u0131lm\u0131\u015ft\u0131r. ger\u00e7ek \u00f6\u011fretmen ile bankamatik memurlar\u0131n\u0131 ay\u0131rman\u0131n zaman\u0131 geldide ge\u00e7iyor. <\/p>\n","protected":false},"excerpt":{"rendered":"<p>Sistemin Hizmet Verenleri ayn\u0131 zamanda denetleyicisi olamaz. ilk okul dahil s\u0131navlar il ve il\u00e7e milli e\u011fitim m\u00fcd\u00fcrl\u00fcklerince yap\u0131lacakt\u0131r. ger\u00e7ek e\u011fitimcileri topluma kazand\u0131rmak amac\u0131yla yap\u0131lacak bu seleksiyon y\u00f6ntemi ile ba\u015far\u0131l\u0131 \u00f6\u011fretmenler ba\u015f \u00f6\u011fretmen olacakt\u0131r. okul M\u00fcd\u00fcrleri okul y\u00f6netiminden do\u011frudan sorumlu olup \u00f6\u011fretmen i\u015fe al\u0131mlar\u0131nda tam yetikilidirler. okul ba\u015far\u0131 puan\u0131na g\u00f6re maa\u015f ve k\u0131dem hesaplamas\u0131 yap\u0131lacakt\u0131r. \u00f6\u011fretmenler [&hellip;]<\/p>\n","protected":false},"author":1,"featured_media":0,"parent":0,"menu_order":0,"comment_status":"closed","ping_status":"closed","template":"","meta":{"footnotes":""},"class_list":["post-1403","page","type-page","status-publish","hentry"],"_links":{"self":[{"href":"https:\/\/cumhuriyetveistiklalpartisi.org\/index.php?rest_route=\/wp\/v2\/pages\/1403","targetHints":{"allow":["GET"]}}],"collection":[{"href":"https:\/\/cumhuriyetveistiklalpartisi.org\/index.php?rest_route=\/wp\/v2\/pages"}],"about":[{"href":"https:\/\/cumhuriyetveistiklalpartisi.org\/index.php?rest_route=\/wp\/v2\/types\/page"}],"author":[{"embeddable":true,"href":"https:\/\/cumhuriyetveistiklalpartisi.org\/index.php?rest_route=\/wp\/v2\/users\/1"}],"replies":[{"embeddable":true,"href":"https:\/\/cumhuriyetveistiklalpartisi.org\/index.php?rest_route=%2Fwp%2Fv2%2Fcomments&post=1403"}],"version-history":[{"count":4,"href":"https:\/\/cumhuriyetveistiklalpartisi.org\/index.php?rest_route=\/wp\/v2\/pages\/1403\/revisions"}],"predecessor-version":[{"id":1557,"href":"https:\/\/cumhuriyetveistiklalpartisi.org\/index.php?rest_route=\/wp\/v2\/pages\/1403\/revisions\/1557"}],"wp:attachment":[{"href":"https:\/\/cumhuriyetveistiklalpartisi.org\/index.php?rest_route=%2Fwp%2Fv2%2Fmedia&parent=1403"}],"curies":[{"name":"wp","href":"https:\/\/api.w.org\/{rel}","templated":true}]}}