{"id":243,"date":"2020-11-24T13:41:49","date_gmt":"2020-11-24T13:41:49","guid":{"rendered":"http:\/\/cumhuriyetveistiklalpartisi.org\/?page_id=243"},"modified":"2025-08-27T08:07:04","modified_gmt":"2025-08-27T08:07:04","slug":"baskan-yardimcisi","status":"publish","type":"page","link":"https:\/\/cumhuriyetveistiklalpartisi.org\/?page_id=243","title":{"rendered":"Genel Ba\u015fkan Yard\u0131mc\u0131s\u0131"},"content":{"rendered":"\n<div class=\"wp-block-media-text alignwide is-stacked-on-mobile\" style=\"grid-template-columns:17% auto\"><figure class=\"wp-block-media-text__media\"><img loading=\"lazy\" decoding=\"async\" width=\"856\" height=\"1024\" src=\"http:\/\/cumhuriyetveistiklalpartisi.org\/wp-content\/uploads\/2023\/03\/IMG_1959-856x1024.jpg\" alt=\"\" class=\"wp-image-1186 size-full\" srcset=\"https:\/\/cumhuriyetveistiklalpartisi.org\/wp-content\/uploads\/2023\/03\/IMG_1959-856x1024.jpg 856w, https:\/\/cumhuriyetveistiklalpartisi.org\/wp-content\/uploads\/2023\/03\/IMG_1959-251x300.jpg 251w, https:\/\/cumhuriyetveistiklalpartisi.org\/wp-content\/uploads\/2023\/03\/IMG_1959-768x919.jpg 768w, https:\/\/cumhuriyetveistiklalpartisi.org\/wp-content\/uploads\/2023\/03\/IMG_1959.jpg 1040w\" sizes=\"auto, (max-width: 856px) 100vw, 856px\" \/><\/figure><div class=\"wp-block-media-text__content\">\n<p class=\"has-text-align-center\" style=\"font-size:14px\"><strong>Bar\u0131\u015f Y\u00dcCEER<\/strong><\/p>\n\n\n\n<p class=\"has-text-align-center\"><mark style=\"background-color:rgba(0, 0, 0, 0)\" class=\"has-inline-color has-vivid-red-color\"><strong>Genel Ba\u015fkan Yard\u0131mc\u0131s\u0131<\/strong><\/mark><\/p>\n\n\n\n<p class=\"has-text-align-center\"><mark style=\"background-color:rgba(0, 0, 0, 0)\" class=\"has-inline-color has-black-color\"><strong>Telefon: 0 533 250 4426<\/strong><\/mark><\/p>\n<\/div><\/div>\n\n\n\n<p><mark style=\"background-color:rgba(0, 0, 0, 0)\" class=\"has-inline-color has-black-color\"><strong> <strong>G\u00f6rev, yetki ve sorumluluklar\u0131<\/strong> <\/strong><br>Genel Ba\u015fkan Yard\u0131mc\u0131s\u0131, Hizmet ve \u00e7al\u0131\u015fma \u015fartlar\u0131n\u0131n gere\u011fi olarak Ba\u015fkanl\u0131k Divana \u0130\u015ftirak eder. \u00fcye say\u0131s\u0131n\u0131 azaltmaya, yeni g\u00f6rev alanlar\u0131 ihdas ederek artt\u0131rmaya yetkilidir.<br>Genel Ba\u015fkan ile birlikte ayn\u0131 yetkilere sahiptir, Ba\u015fkanl\u0131k Divan\u0131 toplant\u0131lar\u0131nda haz\u0131r bulunamad\u0131klar\u0131nda, hangi divan \u00fcyesinin kendisine vek\u00e2let edece\u011fini yaz\u0131l\u0131 olarak Ba\u015fkanl\u0131k Divan\u0131na bildirir.<\/mark><\/p>\n","protected":false},"excerpt":{"rendered":"<p>Bar\u0131\u015f Y\u00dcCEER Genel Ba\u015fkan Yard\u0131mc\u0131s\u0131 Telefon: 0 533 250 4426 G\u00f6rev, yetki ve sorumluluklar\u0131 Genel Ba\u015fkan Yard\u0131mc\u0131s\u0131, Hizmet ve \u00e7al\u0131\u015fma \u015fartlar\u0131n\u0131n gere\u011fi olarak Ba\u015fkanl\u0131k Divana \u0130\u015ftirak eder. \u00fcye say\u0131s\u0131n\u0131 azaltmaya, yeni g\u00f6rev alanlar\u0131 ihdas ederek artt\u0131rmaya yetkilidir.Genel Ba\u015fkan ile birlikte ayn\u0131 yetkilere sahiptir, Ba\u015fkanl\u0131k Divan\u0131 toplant\u0131lar\u0131nda haz\u0131r bulunamad\u0131klar\u0131nda, hangi divan \u00fcyesinin kendisine vek\u00e2let edece\u011fini yaz\u0131l\u0131 [&hellip;]<\/p>\n","protected":false},"author":1,"featured_media":0,"parent":0,"menu_order":0,"comment_status":"closed","ping_status":"closed","template":"","meta":{"footnotes":""},"class_list":["post-243","page","type-page","status-publish","hentry"],"_links":{"self":[{"href":"https:\/\/cumhuriyetveistiklalpartisi.org\/index.php?rest_route=\/wp\/v2\/pages\/243","targetHints":{"allow":["GET"]}}],"collection":[{"href":"https:\/\/cumhuriyetveistiklalpartisi.org\/index.php?rest_route=\/wp\/v2\/pages"}],"about":[{"href":"https:\/\/cumhuriyetveistiklalpartisi.org\/index.php?rest_route=\/wp\/v2\/types\/page"}],"author":[{"embeddable":true,"href":"https:\/\/cumhuriyetveistiklalpartisi.org\/index.php?rest_route=\/wp\/v2\/users\/1"}],"replies":[{"embeddable":true,"href":"https:\/\/cumhuriyetveistiklalpartisi.org\/index.php?rest_route=%2Fwp%2Fv2%2Fcomments&post=243"}],"version-history":[{"count":14,"href":"https:\/\/cumhuriyetveistiklalpartisi.org\/index.php?rest_route=\/wp\/v2\/pages\/243\/revisions"}],"predecessor-version":[{"id":1624,"href":"https:\/\/cumhuriyetveistiklalpartisi.org\/index.php?rest_route=\/wp\/v2\/pages\/243\/revisions\/1624"}],"wp:attachment":[{"href":"https:\/\/cumhuriyetveistiklalpartisi.org\/index.php?rest_route=%2Fwp%2Fv2%2Fmedia&parent=243"}],"curies":[{"name":"wp","href":"https:\/\/api.w.org\/{rel}","templated":true}]}}